{"id":334,"date":"2017-11-02T11:01:45","date_gmt":"2017-11-02T10:01:45","guid":{"rendered":"https:\/\/grundschulezschortau.de\/wordpress\/?page_id=334"},"modified":"2026-01-04T11:32:23","modified_gmt":"2026-01-04T10:32:23","slug":"lehrerteam","status":"publish","type":"page","link":"https:\/\/grundschule-zschortau.de\/?page_id=334","title":{"rendered":"Team"},"content":{"rendered":"<p><img loading=\"lazy\" decoding=\"async\" class=\"alignnone size-large wp-image-9225\" src=\"https:\/\/grundschule-zschortau.de\/wp-content\/uploads\/2025\/08\/IMG_2008-1024x683.jpg\" alt=\"\" width=\"584\" height=\"390\" srcset=\"https:\/\/grundschule-zschortau.de\/wp-content\/uploads\/2025\/08\/IMG_2008-1024x683.jpg 1024w, https:\/\/grundschule-zschortau.de\/wp-content\/uploads\/2025\/08\/IMG_2008-300x200.jpg 300w, https:\/\/grundschule-zschortau.de\/wp-content\/uploads\/2025\/08\/IMG_2008-768x512.jpg 768w, https:\/\/grundschule-zschortau.de\/wp-content\/uploads\/2025\/08\/IMG_2008-1536x1024.jpg 1536w, https:\/\/grundschule-zschortau.de\/wp-content\/uploads\/2025\/08\/IMG_2008-2048x1365.jpg 2048w, https:\/\/grundschule-zschortau.de\/wp-content\/uploads\/2025\/08\/IMG_2008-450x300.jpg 450w\" sizes=\"(max-width: 584px) 100vw, 584px\" \/><\/p>\n<p style=\"padding-left: 40px;\"><span style=\"font-size: 12pt;\"><strong><span style=\"color: #0000ff;\">Dr. R. Ullrich- Schulleiter<\/span><\/strong><\/span><span style=\"color: #003366;\"><img loading=\"lazy\" decoding=\"async\" class=\"alignright wp-image-2918\" src=\"https:\/\/grundschule-zschortau.de\/wp-content\/uploads\/2020\/06\/Herr-Dr.-Ullrich-269x300.jpeg\" alt=\"\" width=\"132\" height=\"147\" srcset=\"https:\/\/grundschule-zschortau.de\/wp-content\/uploads\/2020\/06\/Herr-Dr.-Ullrich-269x300.jpeg 269w, https:\/\/grundschule-zschortau.de\/wp-content\/uploads\/2020\/06\/Herr-Dr.-Ullrich.jpeg 600w\" sizes=\"(max-width: 132px) 100vw, 132px\" \/><\/span><\/p>\n<p style=\"padding-left: 40px;\"><strong><span style=\"color: #0000ff; font-size: 12pt;\">6<span style=\"font-family: arial,helvetica,sans-serif;\"> Dinge von vielen, die ich mag:<\/span><\/span><\/strong><\/p>\n<ul style=\"list-style-type: circle;\">\n<li><span style=\"color: #0000ff; font-family: helvetica,arial,sans-serif; font-size: 12pt;\">meine Familie (nur so bin ich der, der ich bin)&nbsp;&nbsp;&nbsp;&nbsp;&nbsp;&nbsp;&nbsp;&nbsp;&nbsp;&nbsp;&nbsp;&nbsp;&nbsp;&nbsp;&nbsp;<\/span><\/li>\n<li><span style=\"color: #0000ff; font-family: helvetica,arial,sans-serif; font-size: 12pt;\">gl\u00fcckliche, staunende Kinder (die Zukunft unserer&nbsp; Welt)&nbsp; &nbsp;<\/span><\/li>\n<li><span style=\"color: #0000ff; font-family: helvetica,arial,sans-serif; font-size: 12pt;\">meine Arbeit (ich kann nur dankbar sein, mit und f\u00fcr Kinder(n) arbeiten zu d\u00fcrfen)&nbsp;&nbsp;&nbsp;&nbsp;&nbsp;&nbsp;&nbsp;&nbsp;&nbsp;&nbsp;&nbsp;&nbsp;&nbsp;&nbsp;&nbsp;&nbsp;&nbsp;&nbsp;&nbsp;&nbsp;&nbsp;&nbsp;&nbsp;&nbsp;&nbsp;&nbsp;&nbsp;&nbsp;&nbsp;&nbsp;&nbsp;&nbsp;&nbsp;&nbsp;&nbsp;&nbsp;&nbsp;&nbsp;&nbsp;&nbsp;&nbsp;&nbsp;&nbsp; <\/span><\/li>\n<li><span style=\"color: #0000ff; font-family: helvetica,arial,sans-serif; font-size: 12pt;\">Musik spielen, h\u00f6ren, komponieren (Bach und Beatles immer und immer wieder\u2026)&nbsp;&nbsp;&nbsp;&nbsp;&nbsp;&nbsp;&nbsp;&nbsp;&nbsp;&nbsp;&nbsp;&nbsp;&nbsp;&nbsp;&nbsp;&nbsp;&nbsp;&nbsp;&nbsp;&nbsp;&nbsp;&nbsp;&nbsp;&nbsp;&nbsp;&nbsp;&nbsp;&nbsp;&nbsp;&nbsp;&nbsp;&nbsp;&nbsp;&nbsp;&nbsp;&nbsp;&nbsp;&nbsp; &nbsp;&nbsp;&nbsp;&nbsp;&nbsp;&nbsp; <\/span><\/li>\n<li><span style=\"color: #0000ff; font-family: helvetica,arial,sans-serif; font-size: 12pt;\">B\u00fccher lesen, h\u00f6ren, sehen, ausdenken (eine Nussschale voller Welten)&nbsp;&nbsp;&nbsp;&nbsp;&nbsp;&nbsp;&nbsp;&nbsp;&nbsp;&nbsp;&nbsp;&nbsp;&nbsp;&nbsp;&nbsp;&nbsp;&nbsp;&nbsp;&nbsp;&nbsp;&nbsp;&nbsp;&nbsp;&nbsp;&nbsp;&nbsp;&nbsp;&nbsp;&nbsp;&nbsp;&nbsp;&nbsp;&nbsp;&nbsp;&nbsp;&nbsp;&nbsp;&nbsp;&nbsp;&nbsp;&nbsp;&nbsp;&nbsp;&nbsp;&nbsp;&nbsp;&nbsp;&nbsp;<\/span><\/li>\n<li><span style=\"color: #0000ff; font-family: helvetica,arial,sans-serif; font-size: 12pt;\"><span style=\"color: #0000ff; font-family: helvetica,arial,sans-serif; font-size: 12pt;\"><span style=\"color: #0000ff; font-family: helvetica,arial,sans-serif; font-size: 12pt;\"><span style=\"color: #0000ff; font-family: helvetica,arial,sans-serif; font-size: 12pt;\">Spaghetti Carbonara (zwei Portionen mindestens&#8230;)<\/span><\/span><\/span><\/span><\/li>\n<\/ul>\n<p style=\"padding-left: 40px;\"><span style=\"color: #0000ff; font-family: helvetica,arial,sans-serif; font-size: 12pt;\"><strong>Etwas, das ich ganz und gar nicht mag: <\/strong>ein Kind, das traurig ist (\u2026)<\/span><\/p>\n<p><span style=\"color: #339966;\"><span style=\"color: #339966;\"><span style=\"color: #339966;\"><span style=\"color: #339966;\"><span style=\"color: #339966;\"><span style=\"font-size: 12pt;\"><img loading=\"lazy\" decoding=\"async\" class=\"alignleft\" src=\"https:\/\/grundschule-zschortau.de\/wp-content\/uploads\/2020\/06\/Frau-Brade.jpeg\" width=\"112\" height=\"151\">I<\/span><span style=\"font-size: 14pt;\"><span style=\"font-size: 14pt;\"><span style=\"font-size: 12pt;\">ch bin <strong>Anke Brade<\/strong>. Lehrerin bin ich seit mittlerweile fast 35 Jahren. Seit \u00fcber 30 Jahren arbeite und wohne ich in Zschortau. In der Schule und im Dorf f\u00fchle ich mich sehr wohl. In meiner Freizeit bin ich meist in Laufsachen oder mit dem Fahrrad unterwegs. Dann erfreue ich mich vor allem an der sch\u00f6nen Natur.<\/span><\/span><\/span><\/span><\/span><\/span><\/span><\/span>&nbsp;<br><span style=\"color: #ff6600;\"><span style=\"font-size: 14pt;\"><strong><br><span style=\"font-size: 12pt;\"><img loading=\"lazy\" decoding=\"async\" class=\"alignright wp-image-2953\" src=\"https:\/\/grundschule-zschortau.de\/wp-content\/uploads\/2020\/06\/Frau-Raabe-231x300.jpeg\" alt=\"\" width=\"132\" height=\"172\" srcset=\"https:\/\/grundschule-zschortau.de\/wp-content\/uploads\/2020\/06\/Frau-Raabe-231x300.jpeg 231w, https:\/\/grundschule-zschortau.de\/wp-content\/uploads\/2020\/06\/Frau-Raabe.jpeg 600w\" sizes=\"(max-width: 132px) 100vw, 132px\" \/><\/span>S<\/strong><\/span><span style=\"font-size: 12pt;\"><span style=\"color: #800080;\">eit 2000 an der Zschortauer Grundschule<br><\/span><\/span><\/span><span style=\"color: #ff6600;\"><strong><span style=\"font-size: 14pt;\">U<\/span><\/strong><span style=\"font-size: 14pt;\"><span style=\"font-size: 12pt;\"><span style=\"color: #800080;\">nterricht mit Leidenschaft<\/span><br><\/span><\/span><\/span><span style=\"color: #ff6600;\"><strong><span style=\"font-size: 14pt;\">S<\/span><\/strong><span style=\"font-size: 12pt;\"><span style=\"color: #800080;\">chwimmen mit den zweiten Klassen war toll<\/span><br><\/span><\/span><span style=\"color: #ff6600;\"><span style=\"font-size: 14pt;\"><strong>A<\/strong><\/span><span style=\"font-size: 12pt;\">r<span style=\"color: #800080;\">beit mit den Kindern ist immer wieder spannend<\/span><br><\/span><\/span><span style=\"color: #ff6600;\"><span style=\"font-size: 14pt;\"><strong>N<\/strong><\/span><span style=\"font-size: 12pt;\"><span style=\"color: #800080;\">eigungskurs Tanz<\/span><br><\/span><\/span><span style=\"color: #ff6600;\"><span style=\"font-size: 14pt;\"><strong>N<\/strong><\/span><span style=\"font-size: 12pt;\"><span style=\"color: #800080;\">eue 1. Klasse seit August 2023<\/span><br><\/span><\/span><span style=\"color: #ff6600;\"><strong><span style=\"font-size: 14pt;\">R<\/span><\/strong><span style=\"font-size: 12pt;\"><span style=\"color: #800080;\">uhe und Erholung am und im Wasser<\/span><br><\/span><\/span><span style=\"color: #ff6600;\"><strong><span style=\"font-size: 14pt;\">A<\/span><\/strong><span style=\"font-size: 12pt;\"><span style=\"color: #800080;\">bende mit der Familie<\/span><br><\/span><\/span><span style=\"color: #ff6600;\"><strong><span style=\"font-size: 14pt;\">A<\/span><\/strong><span style=\"font-size: 12pt;\"><span style=\"color: #800080;\">uch in der Freizeit macht Tanzen Freude<\/span><br><\/span><\/span><span style=\"color: #ff6600; font-size: 14pt;\"><strong>B<\/strong><span style=\"font-size: 12pt;\"><span style=\"color: #800080;\">\u00fccher lesen ist spannend<\/span><br><\/span><\/span><span style=\"color: #ff6600;\"><span style=\"color: #ff6600;\"><span style=\"color: #ff6600;\"><span style=\"color: #ff6600;\"><span style=\"color: #ff6600;\"><span style=\"color: #ff6600;\"><span style=\"color: #ff6600;\"><strong><span style=\"font-size: 14pt;\">E<\/span><\/strong><span style=\"font-size: 12pt; color: #800080;\">ine Runde mit dem Fahrrad durch die Natur<\/span><\/span><\/span><\/span><\/span><\/span><\/span><\/span><span style=\"color: #800080;\">&nbsp;&nbsp;<br><\/span>&nbsp;<\/p>\n<p><img loading=\"lazy\" decoding=\"async\" class=\"alignleft wp-image-3424\" src=\"https:\/\/grundschule-zschortau.de\/wp-content\/uploads\/2020\/09\/Frau-Hohl-1-724x1024.jpg\" alt=\"\" width=\"132\" height=\"187\" srcset=\"https:\/\/grundschule-zschortau.de\/wp-content\/uploads\/2020\/09\/Frau-Hohl-1-724x1024.jpg 724w, https:\/\/grundschule-zschortau.de\/wp-content\/uploads\/2020\/09\/Frau-Hohl-1-212x300.jpg 212w, https:\/\/grundschule-zschortau.de\/wp-content\/uploads\/2020\/09\/Frau-Hohl-1-768x1086.jpg 768w, https:\/\/grundschule-zschortau.de\/wp-content\/uploads\/2020\/09\/Frau-Hohl-1-1086x1536.jpg 1086w, https:\/\/grundschule-zschortau.de\/wp-content\/uploads\/2020\/09\/Frau-Hohl-1-1448x2048.jpg 1448w, https:\/\/grundschule-zschortau.de\/wp-content\/uploads\/2020\/09\/Frau-Hohl-1.jpg 1653w\" sizes=\"(max-width: 132px) 100vw, 132px\" \/><\/p>\n<p><span style=\"color: #800000;\"><span style=\"font-size: 12pt;\">Mein Name ist <strong>Melanie Kliefoth<\/strong>. Ich unterrichte die F\u00e4cher Deutsch, Mathematik, Sachunterricht und Ethik. Ich habe dabei aber kein \u201eLieblingsfach\u201c, sondern mag die Abwechslung. Das Sch\u00f6nste am Lehrerberuf ist f\u00fcr mich aber ohnehin das Arbeiten und der Kontakt mit den Kindern. <\/span><span style=\"font-size: 12pt;\">Wenn ich gerade nicht in der Schule bin, lese ich in meiner Freizeit gerne B\u00fccher oder genie\u00dfe die Natur. Ich bin auch Tierliebhaberin und habe einen Hund, mit dem ich gern drau\u00dfen unterwegs bin. <\/span><span style=\"font-size: 12pt;\">Ich kann gut vorlesen, bin humorvoll und sehr geduldig, w\u00e4hrend sich mein musikalisches Talent auf das Singen mit den Kindern im Unterricht begrenzt \ud83d\ude09 Umso mehr bewundere ich alle, die toll Musik machen k\u00f6nnen und h\u00f6re mir diese gerne an. <\/span><\/span><br><span style=\"color: #800000; font-size: 12pt;\">Ich bin froh und dankbar daf\u00fcr, ein Teil dieser Schule sein zu k\u00f6nnen.<\/span><\/p>\n<p>&nbsp;<\/p>\n<p><img loading=\"lazy\" decoding=\"async\" class=\"wp-image-8200 alignright\" style=\"color: #008000; font-size: 16px;\" src=\"https:\/\/grundschule-zschortau.de\/wp-content\/uploads\/2024\/06\/Gina-228x300.jpg\" alt=\"\" width=\"130\" height=\"169\"><\/p>\n<p><span style=\"font-size: 14pt;\"><strong><span style=\"color: #008000;\">F<\/span><\/strong><\/span><span style=\"font-size: 12pt;\"><span style=\"color: #ff6600;\">reizeit: kreativ sein, pflanzen, klettern, wandern, Ski fahren<\/span><strong><span style=\"color: #000000;\"><br><\/span><\/strong><span style=\"font-size: 14pt;\"><strong><span style=\"color: #008000;\">r<\/span><\/strong><\/span><span style=\"color: #ff6600;\">aus in die Natur<\/span><\/span><span style=\"font-size: 12pt;\"><strong><span style=\"color: #008000;\"><br><span style=\"font-size: 14pt;\">a<\/span><\/span><\/strong><span style=\"color: #ff6600;\">b dem Schuljahr 2024\/25 Klassenlehrerin der 1. Klasse<\/span><\/span><br><span style=\"font-size: 12pt;\"><span style=\"font-size: 14pt;\"><strong><span style=\"color: #008000;\">u<\/span><\/strong><\/span><span style=\"color: #ff6600;\">nterrichte Deutsch, Mathematik, Sachunterricht und Sport<\/span><\/span><\/p>\n<p><span style=\"font-size: 12pt;\"><span style=\"font-size: 14pt;\"><strong><span style=\"color: #008000;\">M<\/span><\/strong><\/span><span style=\"color: #ff6600;\">eist gut gelaunt<\/span><\/span><br><span style=\"font-size: 12pt;\"><span style=\"font-size: 14pt;\"><strong><span style=\"color: #008000;\">a<\/span><\/strong><\/span><span style=\"color: #ff6600;\">m liebsten mag ich, wie Kinder die Welt sehen<\/span><\/span><br><span style=\"font-size: 12pt;\"><span style=\"font-size: 14pt;\"><strong><span style=\"color: #008000;\">i<\/span><\/strong><\/span><span style=\"color: #ff6600;\">ch k\u00fcmmere mich um die Website der Grundschule<\/span><\/span><br><span style=\"font-size: 12pt;\"><span style=\"font-size: 14pt;\"><strong><span style=\"color: #008000;\">e<\/span><\/strong><\/span><span style=\"color: #ff6600;\">hrlich sein ist mir besonders wichtig<\/span><\/span><br><span style=\"font-size: 12pt;\"><span style=\"color: #008000; font-size: 14pt;\"><strong>r<\/strong><\/span><span style=\"color: #ff6600;\">uhig und gelassen bleiben<\/span><\/span><\/p>\n<p>&nbsp;<\/p>\n<p class=\"p1\">Mein Name ist <strong>Julia F\u00fcssel<\/strong> und ich freue mich sehr, im kommenden Schuljahr 2025\/26 die neue 1. Klasse \u2013 unsere Otterklasse \u2013 zu \u00fcbernehmen. Einige kennen mich vielleicht schon, da ich bereits w\u00e4hrend meiner Referendariatszeit an der Grundschule Zschortau t\u00e4tig war. Neben meinen Hauptf\u00e4chern unterrichte ich auch Ethik, ein Fach, das mir besonders am<br>Herzen liegt, weil es Raum f\u00fcr wichtige Gespr\u00e4che und gemeinsames Nachdenken bietet. Ich liebe die Arbeit als Lehrerin und den t\u00e4glichen Austausch mit den Kindern \u2013 ihr Lachen, ihre Neugier und ihre Begeisterung sind f\u00fcr mich der sch\u00f6nste Teil des Berufs. In meiner Freizeit lese ich gerne und verbringe Zeit mit meinen beiden Katzen, die mich stets auf Trab halten. Ich bin eine Person, die gut zuh\u00f6ren kann und sich in andere hineinversetzt \u2013 deshalb liegt mir das Wohl jedes einzelnen Kindes besonders am Herzen. Mein Ziel ist es, dass sich alle Kinder in unserer Klasse wohlf\u00fchlen, gerne lernen und mit Freude zur Schule kommen.<\/p>\n<p>&nbsp;<\/p>\n<p><span style=\"color: #339966;\">Mein Name ist <strong>Annika Zabel<\/strong> und ich bin seit September 2025 Teil des Teams unserer Schule. Ich unterrichte die F\u00e4cher Mathematik, Sachunterricht, Sport und Schwimmen. Lehrerin bin ich bereits seit 2020 \u2013 und ich freue mich jeden Tag, die Kinder auf ihrem Weg zu begleiten und meine Begeisterung f\u00fcr das Lernen weiterzugeben.<\/span><\/p>\n<p><span style=\"color: #339966;\">In meiner Freizeit verbringe ich gerne Zeit mit meiner Familie, bin im Garten, gehe wandern, tanze oder lese. Besonders am Herzen liegt mir der *Sport*, denn Bewegung macht nicht nur fit, sondern auch Spa\u00df und f\u00f6rdert das Miteinander.<\/span><\/p>\n<p>&nbsp;<\/p>\n<p><strong><span style=\"color: #00ccff; font-size: 12pt;\"><img loading=\"lazy\" decoding=\"async\" class=\" wp-image-3617 alignleft\" src=\"https:\/\/grundschule-zschortau.de\/wp-content\/uploads\/2020\/09\/Herr-Schnelle.jpeg\" alt=\"\" width=\"114\" height=\"136\">Herr Schnelle<\/span><\/strong><br><span style=\"color: #00ccff; font-size: 12pt;\">Unser Mann f\u00fcr alle (Not)F\u00e4lle. Egal, ob<br><\/span><span style=\"color: #00ccff; font-size: 12pt;\">\u201eeine Schraube locker ist\u201c oder der Rasen zu hoch,<br>ein Tisch von A nach B muss oder die Heizung kaputt:<br>Ein Anruf und Herr Schnelle ist schon zur Stelle.<\/span><\/p>\n<p>&nbsp;<\/p>\n<p><img loading=\"lazy\" decoding=\"async\" class=\"wp-image-3611 alignright\" style=\"color: #ffcc00; font-size: 16px;\" src=\"https:\/\/grundschule-zschortau.de\/wp-content\/uploads\/2020\/09\/Frau-Hecker-1.jpeg\" alt=\"\" width=\"120\" height=\"154\"><b style=\"color: #ffcc00; font-size: 16px;\"><\/b><\/p>\n<p><span style=\"color: #ffcc00; font-size: 12pt;\">Hallo, ich bin&nbsp;<strong>Frau Hecker<\/strong>, die Sekret\u00e4rin der<b><i><u><span style=\"height: 0px; line-height: 1; position: relative; vertical-align: baseline; top: 0.5ex;\"><span style=\"height: 0px; line-height: 1; position: relative; vertical-align: baseline; bottom: 1ex;\"><br><\/span><\/span><\/u><\/i><\/b>Grundschule.&nbsp;Ich unterst\u00fctze den Schulleiter und die Lehrerinnen bei ihrer Arbeit. Ich lerne Englisch&nbsp;und Spanisch, mache viel Sport, lese gern, mag Hunde und bin gern viele Kilometer an der frischen Luft zu Fu\u00df unterwegs.<\/span><\/p>\n<p>&nbsp;<\/p>\n<p><span style=\"color: #ff6600; font-size: 12pt;\"><img loading=\"lazy\" decoding=\"async\" class=\"wp-image-2932 alignleft\" src=\"https:\/\/grundschule-zschortau.de\/wp-content\/uploads\/2020\/06\/Frau-Kops-267x300.jpeg\" alt=\"\" width=\"132\" height=\"149\" srcset=\"https:\/\/grundschule-zschortau.de\/wp-content\/uploads\/2020\/06\/Frau-Kops-267x300.jpeg 267w, https:\/\/grundschule-zschortau.de\/wp-content\/uploads\/2020\/06\/Frau-Kops.jpeg 600w\" sizes=\"(max-width: 132px) 100vw, 132px\" \/><\/span><\/p>\n<p style=\"text-align: left;\"><span style=\"color: #ff6600; font-size: 12pt;\"><span style=\"font-size: 14pt;\"><strong>F<\/strong><\/span><span style=\"color: #808080;\">amilienmensch<\/span><\/span><span style=\"color: #ff6600; font-size: 12pt;\"><span style=\"font-size: 14pt;\"><strong><br>r<\/strong><\/span><span style=\"color: #999999;\">uhig bleiben<br><\/span><\/span><span style=\"color: #ff6600; font-size: 12pt;\"><span style=\"font-size: 14pt;\"><strong>a<\/strong><\/span><span style=\"color: #999999;\">lle Kinder sind gleich<br><\/span><\/span><span style=\"color: #999999; font-size: 12pt;\"><span style=\"color: #999999; font-size: 12pt;\"><span style=\"color: #ff6600; font-size: 14pt;\"><strong>u<\/strong><\/span>nterrichte Sachunterricht, Englisch&nbsp;<\/span><\/span><\/p>\n<p style=\"text-align: left;\"><br style=\"color: #333333; font-size: 15px;\"><span style=\"color: #ff6600; font-size: 12pt;\"><span style=\"font-size: 14pt;\"><strong>K<\/strong><\/span><span style=\"color: #999999;\">inder sind unsere Zukunft<br><\/span><\/span><span style=\"color: #ff6600; font-size: 12pt;\"><span style=\"font-size: 14pt;\"><strong>a<\/strong><span style=\"color: #999999; font-size: 12pt;\">ufgeschlossen<br><\/span><\/span><\/span><span style=\"color: #ff6600; font-size: 12pt;\"><span style=\"font-size: 14pt;\"><strong>b<\/strong><span style=\"font-size: 12pt; color: #999999;\">l<\/span><span style=\"color: #999999; font-size: 12pt;\">au ist meine Lieblingsfarbe<\/span><span style=\"color: #999999; font-size: 12pt;\">&nbsp;<\/span><\/span><span style=\"color: #999999;\"><br><\/span><\/span><span style=\"font-size: 18.6667px;\"><span style=\"color: #ff6600;\"><b>b<\/b><span style=\"font-size: 12pt; color: #999999;\">in immer wieder erstaunt, wie sich Kinder sich die Welt erschlie\u00dfen<br><strong><span style=\"color: #ff6600;\">e<\/span><\/strong><span style=\"color: #ff6600;\"><span style=\"color: #999999;\">mphatisch<\/span><\/span><br><\/span><\/span><\/span><b style=\"color: #ff6600; font-size: 18.6667px;\">c<\/b><span style=\"color: #999999; font-size: 12pt;\">hormitglied<\/span><b style=\"color: #ff6600; font-size: 18.6667px;\"><br>k<\/b><span style=\"color: #999999; font-size: 12pt;\">ann Stille ertragen<\/span><\/p>\n\n\n<p>Frau R\u00f6sicke und Frau Basha sind derzeit unsere Referendarinnen \ud83d\ude0a<\/p>\n","protected":false},"excerpt":{"rendered":"<p>Dr. R. Ullrich- Schulleiter 6 Dinge von vielen, die ich mag: meine Familie (nur so bin ich der, der ich bin)&nbsp;&nbsp;&nbsp;&nbsp;&nbsp;&nbsp;&nbsp;&nbsp;&nbsp;&nbsp;&nbsp;&nbsp;&nbsp;&nbsp;&nbsp; gl\u00fcckliche, staunende Kinder (die Zukunft unserer&nbsp; Welt)&nbsp; &nbsp; meine Arbeit (ich kann nur dankbar sein, mit und f\u00fcr Kinder(n) &hellip; <a href=\"https:\/\/grundschule-zschortau.de\/?page_id=334\">Weiterlesen <span class=\"meta-nav\">&rarr;<\/span><\/a><\/p>\n","protected":false},"author":1,"featured_media":0,"parent":0,"menu_order":0,"comment_status":"closed","ping_status":"closed","template":"","meta":{"ngg_post_thumbnail":0,"footnotes":""},"class_list":["post-334","page","type-page","status-publish","hentry"],"_links":{"self":[{"href":"https:\/\/grundschule-zschortau.de\/index.php?rest_route=\/wp\/v2\/pages\/334"}],"collection":[{"href":"https:\/\/grundschule-zschortau.de\/index.php?rest_route=\/wp\/v2\/pages"}],"about":[{"href":"https:\/\/grundschule-zschortau.de\/index.php?rest_route=\/wp\/v2\/types\/page"}],"author":[{"embeddable":true,"href":"https:\/\/grundschule-zschortau.de\/index.php?rest_route=\/wp\/v2\/users\/1"}],"replies":[{"embeddable":true,"href":"https:\/\/grundschule-zschortau.de\/index.php?rest_route=%2Fwp%2Fv2%2Fcomments&post=334"}],"version-history":[{"count":54,"href":"https:\/\/grundschule-zschortau.de\/index.php?rest_route=\/wp\/v2\/pages\/334\/revisions"}],"predecessor-version":[{"id":9453,"href":"https:\/\/grundschule-zschortau.de\/index.php?rest_route=\/wp\/v2\/pages\/334\/revisions\/9453"}],"wp:attachment":[{"href":"https:\/\/grundschule-zschortau.de\/index.php?rest_route=%2Fwp%2Fv2%2Fmedia&parent=334"}],"curies":[{"name":"wp","href":"https:\/\/api.w.org\/{rel}","templated":true}]}}